{"id":95688,"date":"2026-09-02T14:35:12","date_gmt":"2026-09-02T14:35:12","guid":{"rendered":"http:\/\/froca.cat\/inscripciones-comedor-curso-26-27\/"},"modified":"2026-09-02T15:18:09","modified_gmt":"2026-09-02T15:18:09","slug":"inscripciones-comedor-curso-26-27","status":"publish","type":"page","link":"https:\/\/froca.cat\/es\/inscripciones-comedor-curso-26-27\/","title":{"rendered":"Inscripciones comedor curso 26-27"},"content":{"rendered":"<p><div class=\"fusion-fullwidth fullwidth-box fusion-builder-row-1 fusion-flex-container nonhundred-percent-fullwidth non-hundred-percent-height-scrolling fusion-no-small-visibility\" style=\"--awb-border-radius-top-left:0px;--awb-border-radius-top-right:0px;--awb-border-radius-bottom-right:0px;--awb-border-radius-bottom-left:0px;--awb-padding-top:0px;--awb-padding-right:0px;--awb-padding-bottom:0px;--awb-padding-left:0px;--awb-margin-top:0px;--awb-margin-bottom:0px;--awb-background-color:rgba(219,219,219,0.99);--awb-flex-wrap:wrap;\" ><div class=\"fusion-builder-row fusion-row fusion-flex-align-items-flex-start fusion-flex-content-wrap\" style=\"max-width:1456px;margin-left: calc(-4% \/ 2 );margin-right: calc(-4% \/ 2 );\"><div class=\"fusion-layout-column fusion_builder_column fusion-builder-column-0 fusion_builder_column_1_1 1_1 fusion-flex-column\" style=\"--awb-padding-top:5%;--awb-padding-right:15%;--awb-padding-bottom:5%;--awb-padding-left:15%;--awb-bg-color:#ffffff;--awb-bg-color-hover:#ffffff;--awb-bg-size:cover;--awb-width-large:100%;--awb-margin-top-large:0px;--awb-spacing-right-large:1.92%;--awb-margin-bottom-large:0px;--awb-spacing-left-large:1.92%;--awb-width-medium:100%;--awb-spacing-right-medium:1.92%;--awb-spacing-left-medium:1.92%;--awb-width-small:100%;--awb-spacing-right-small:1.92%;--awb-spacing-left-small:1.92%;\"><div class=\"fusion-column-wrapper fusion-column-has-shadow fusion-flex-justify-content-flex-start fusion-content-layout-column\"><div class=\"fusion-builder-row fusion-builder-row-inner fusion-row fusion-flex-align-items-flex-start fusion-flex-content-wrap\" style=\"--awb-flex-grow:0;--awb-flex-grow-medium:0;--awb-flex-grow-small:0;--awb-flex-shrink:0;--awb-flex-shrink-medium:0;--awb-flex-shrink-small:0;width:104% !important;max-width:104% !important;margin-left: calc(-4% \/ 2 );margin-right: calc(-4% \/ 2 );\"><div class=\"fusion-layout-column fusion_builder_column_inner fusion-builder-nested-column-0 fusion_builder_column_inner_1_1 1_1 fusion-flex-column\" style=\"--awb-bg-size:cover;--awb-width-large:100%;--awb-margin-top-large:0px;--awb-spacing-right-large:1.92%;--awb-margin-bottom-large:20px;--awb-spacing-left-large:1.92%;--awb-width-medium:100%;--awb-spacing-right-medium:1.92%;--awb-spacing-left-medium:1.92%;--awb-width-small:100%;--awb-spacing-right-small:1.92%;--awb-spacing-left-small:1.92%;\"><div class=\"fusion-column-wrapper fusion-column-has-shadow fusion-flex-justify-content-flex-start fusion-content-layout-column\"><div class=\"fusion-title title fusion-title-1 fusion-sep-none fusion-title-text fusion-title-size-one\" style=\"--awb-text-color:#d81b5b;--awb-margin-top-small:10px;--awb-margin-bottom-small:10px;--awb-font-size:36px;\"><h1 class=\"fusion-title-heading title-heading-left fusion-responsive-typography-calculated\" style=\"margin:0;font-size:1em;--fontSize:36;line-height:1.2;\">Inscripciones comedor y acogida curso 26-27<\/h1><\/div><div class=\"fusion-separator fusion-full-width-sep\" style=\"align-self: center;margin-left: auto;margin-right: auto;margin-bottom:10px;width:100%;\"><\/div><div class=\"fusion-text fusion-text-1\" id=\"nosaltres\"><p><strong>Estimadas familias,<\/strong><\/p>\n<p>\u00a1Os damos la bienvenida al curso 26-27!<\/p>\n<p>Este a\u00f1o las inscripciones al comedor se har\u00e1n mediante la <strong>APP FROCA<\/strong>. La pod\u00e9is descargar desde el m\u00f3vil o tableta en el App Store (iPhone) o en la Play Store (Android). A continuaci\u00f3n os dejamos la gu\u00eda, paso a paso, para dar de alta a vuestros hijos\/as y para el uso espor\u00e1dico del servicio.<\/p>\n<p>Las inscripciones al servicio de acogida las har\u00e1n directamente los coordinadores\/as.<\/p>\n<p>Para cualquier duda, contactad con la Rossy en <a style=\"color: #d81b5b;\" href=\"mailto:espaifamilies@froca.cat\">espaifamilies@froca.cat<\/a><\/p>\n<p>Gracias por vuestra confianza y por acompa\u00f1arnos, un curso m\u00e1s, en el d\u00eda a d\u00eda de vuestros hijos e hijas.<\/p>\n<p>Un abrazo y muchas gracias por vuestra colaboraci\u00f3n.<\/p>\n<p><strong>Equipo F.Roca<\/strong><\/p>\n<h2 style=\"background: #6ac5d8; color: #ffffff; display: block; clear: both; max-width: 430px; padding: 10px 24px; border-radius: 0; font-size: 20px; font-weight: bold; letter-spacing: .6px; text-transform: uppercase; margin: 38px 0 16px;\">PASO 1 \u00b7 DESCARGA LA APP<\/h2>\n<p><img class=\"lazyload\" decoding=\"async\" style=\"float: right; width: 110px; max-width: 45%; height: auto; margin: 0 0 18px 26px;\" src=\"data:image\/gif;base64,R0lGODlhAQABAAAAACH5BAEKAAEALAAAAAABAAEAAAICTAEAOw==\" data-orig-src=\"https:\/\/froca.cat\/wp-content\/uploads\/2026\/09\/app-icono.png\" alt=\"\" \/><\/p>\n<p style=\"font-size: 17px;\">Busca <strong>\u201cFROCA\u201d<\/strong> en el App Store (iPhone) o en la Play Store (Android) y desc\u00e1rgala \u2014 o utiliza estos botones:<\/p>\n<\/div><div ><a class=\"fusion-button button-flat fusion-button-default-size button-default fusion-button-default button-1 fusion-button-default-span fusion-button-default-type\" style=\"--awb-margin-top:0px;--awb-margin-right:15px;--awb-margin-bottom:15px;--awb-margin-left:0px;\" target=\"_blank\" rel=\"noopener noreferrer\" href=\"https:\/\/apps.apple.com\/es\/app\/froca\/id6786238605\"><span class=\"fusion-button-text awb-button__text awb-button__text--default\">Descarga la APP (App Store \u00b7 iPhone)<\/span><\/a><\/div><div ><a class=\"fusion-button button-flat fusion-button-default-size button-default fusion-button-default button-2 fusion-button-default-span fusion-button-default-type\" style=\"--awb-margin-top:0px;--awb-margin-right:15px;--awb-margin-bottom:15px;--awb-margin-left:0px;\" target=\"_blank\" rel=\"noopener noreferrer\" href=\"https:\/\/play.google.com\/store\/apps\/details?id=com.froca\"><span class=\"fusion-button-text awb-button__text awb-button__text--default\">Descarga la APP (Play Store \u00b7 Android)<\/span><\/a><\/div><div class=\"fusion-text fusion-text-2\"><h2 style=\"background: #6ac5d8; color: #ffffff; display: block; clear: both; max-width: 430px; padding: 10px 24px; border-radius: 0; font-size: 20px; font-weight: bold; letter-spacing: .6px; text-transform: uppercase; margin: 38px 0 16px;\">PASO 2 \u00b7 DA DE ALTA AL ALUMNO<\/h2>\n<p><img class=\"lazyload\" decoding=\"async\" style=\"float: right; width: 250px; max-width: 45%; height: auto; margin: 0 0 18px 26px;\" src=\"data:image\/gif;base64,R0lGODlhAQABAAAAACH5BAEKAAEALAAAAAABAAEAAAICTAEAOw==\" data-orig-src=\"https:\/\/froca.cat\/wp-content\/uploads\/2026\/09\/app-alta.png\" alt=\"\" \/><\/p>\n<p>Abrid la app y pulsad sobre <strong>\u201csolicitud de alta\u201d<\/strong>, introducid vuestro correo electr\u00f3nico y recibir\u00e9is un correo para verificarlo y poder continuar con el alta.<\/p>\n<p><strong>Rellenad los \u00edtems que ver\u00e9is en la pantalla:<\/strong><\/p>\n<ul>\n<li><strong>Datos del tutor\/a<\/strong> y <strong>datos del alumno<\/strong>.<\/li>\n<li><strong>Comedor:<\/strong> si vuestro hijo\/a har\u00e1 uso habitual (3, 4 o 5 d\u00edas), deb\u00e9is especificar qu\u00e9 d\u00edas fijos semanales se quedar\u00e1 en el comedor. Tambi\u00e9n seleccionad si quer\u00e9is contratar el servicio de p\u00edcnic.<\/li>\n<li><strong>Acogida:<\/strong> pulsad solo si quer\u00e9is comunicar que har\u00e9is uso del servicio.<\/li>\n<li><strong>Informaci\u00f3n del pago:<\/strong> domiciliaci\u00f3n bancaria.<\/li>\n<li><strong>Normativa:<\/strong> ver la normativa.<\/li>\n<li><strong>Autorizaciones:<\/strong> pulsad \u201cs\u00ed\u201d o \u201cno\u201d.<\/li>\n<li>Pulsad <strong>\u201cenviar solicitud\u201d<\/strong>.<\/li>\n<\/ul>\n<p>Deb\u00e9is esperar a que coordinaci\u00f3n acepte vuestra inscripci\u00f3n. Una vez aceptada, recibir\u00e9is un correo con el <strong>usuario y contrase\u00f1a<\/strong> para acceder a la app.<\/p>\n<p><strong>Registrar un hermano:<\/strong> encontrad la opci\u00f3n \u201cherramientas\u201d en el inicio de la app y pulsad \u201calumnos registrados\u201d; ver\u00e9is un bot\u00f3n que se llama \u201cregistrar nuevo alumno\u201d, donde podr\u00e9is registrar al nuevo hermano rellenando los datos solicitados.<\/p>\n<p><strong>Consulta de datos:<\/strong> en la pantalla de inicio, pulsad \u201cherramientas\u201d y podr\u00e9is consultar los datos del tutor y los datos bancarios registrados. Tambi\u00e9n podr\u00e9is hacer el cambio de contrase\u00f1a.<\/p>\n<h2 style=\"background: #6ac5d8; color: #ffffff; display: block; clear: both; max-width: 430px; padding: 10px 24px; border-radius: 0; font-size: 20px; font-weight: bold; letter-spacing: .6px; text-transform: uppercase; margin: 38px 0 16px;\">PASO 3 \u00b7 USO ESPOR\u00c1DICO Y TIQUETS<\/h2>\n<p><img class=\"lazyload\" decoding=\"async\" style=\"float: right; width: 250px; max-width: 45%; height: auto; margin: 0 0 18px 26px;\" src=\"data:image\/gif;base64,R0lGODlhAQABAAAAACH5BAEKAAEALAAAAAABAAEAAAICTAEAOw==\" data-orig-src=\"https:\/\/froca.cat\/wp-content\/uploads\/2026\/09\/app-contractar.png\" alt=\"\" \/><\/p>\n<p>Es indispensable haber dado de alta al alumno en la app (PASO 2).<\/p>\n<ul>\n<li><strong>Acceso:<\/strong> entrad con usuario (DNI) y contrase\u00f1a.<\/li>\n<li><strong>Contratar el uso:<\/strong> abrid la app, pulsad \u201cmen\u00fa\u201d y despu\u00e9s \u201ccontratar uso\u201d; ver\u00e9is una pesta\u00f1a que dice \u201creservar\u201d y seleccionad los d\u00edas.<\/li>\n<li><strong>Pago<\/strong> \u2014 ten\u00e9is dos opciones: <strong>con tarjeta<\/strong> (en el mismo momento) o <strong>domiciliaci\u00f3n<\/strong> (se factura a final de mes).<\/li>\n<\/ul>\n<p><img class=\"lazyload\" decoding=\"async\" style=\"float: right; width: 250px; max-width: 45%; height: auto; margin: 0 0 18px 26px;\" src=\"data:image\/gif;base64,R0lGODlhAQABAAAAACH5BAEKAAEALAAAAAABAAEAAAICTAEAOw==\" data-orig-src=\"https:\/\/froca.cat\/wp-content\/uploads\/2026\/09\/app-faltes.png\" alt=\"\" \/><\/p>\n<p><strong>Ausencias:<\/strong><\/p>\n<ul>\n<li>Si hab\u00e9is reservado un d\u00eda y finalmente no har\u00e9is uso del servicio, deb\u00e9is entrar en el men\u00fa y seleccionar la opci\u00f3n \u201cFaltas\u201d y pulsar donde dice \u201casiste\u201d para que cambie a \u201cno asiste\u201d. Se debe notificar <strong>antes de las 10:00 del mismo d\u00eda<\/strong>.<\/li>\n<li>Si hab\u00e9is hecho el pago con tarjeta, el tiquet os quedar\u00e1 en positivo y, cuando quer\u00e1is hacer uso de este, deb\u00e9is avisar a coordinaci\u00f3n para que lo gestione.<\/li>\n<li>Si hab\u00e9is seleccionado \u201cdomiciliaci\u00f3n\u201d, no se cobrar\u00e1 el d\u00eda en el recibo.<\/li>\n<\/ul>\n<h2 style=\"background: #6ac5d8; color: #ffffff; display: block; clear: both; max-width: 430px; padding: 10px 24px; border-radius: 0; font-size: 20px; font-weight: bold; letter-spacing: .6px; text-transform: uppercase; margin: 38px 0 16px;\">A TENER EN CUENTA<\/h2>\n<ul>\n<li>Si vuestro hijo hace uso del comedor <strong>1 o 2 d\u00edas por semana<\/strong> se considera <strong>espor\u00e1dico<\/strong>; por tanto, tendr\u00e9is tarifa de espor\u00e1dico y deb\u00e9is notificar al inicio de cada mes los d\u00edas que har\u00e1 uso.<\/li>\n<li>Para la <strong>acogida<\/strong> (alta o uso espor\u00e1dico), deb\u00e9is comunicaros con el\/la coordinador\/a para que lo gestione.<\/li>\n<li>Los alumnos <strong>con deuda<\/strong> no pueden hacer uso del servicio, sea espor\u00e1dico o habitual. En todo caso, deb\u00e9is comunicaros por correo electr\u00f3nico a <a style=\"color: #d81b5b;\" href=\"mailto:espaifamilies@froca.cat\">espaifamilies@froca.cat<\/a> para hacer el pago.<\/li>\n<li>Si sois <strong>padres separados con custodia compartida<\/strong>, los dos padres deb\u00e9is hacer una inscripci\u00f3n si quer\u00e9is separar los cobros.<\/li>\n<li>Si hab\u00e9is solicitado <strong>beca del comedor<\/strong> y al inicio de curso todav\u00eda no la ten\u00e9is aprobada, deb\u00e9is haceros cargo de los pagos hasta que nos llegue la confirmaci\u00f3n de la aprobaci\u00f3n.<\/li>\n<\/ul>\n<h2 style=\"background: #6ac5d8; color: #ffffff; display: block; clear: both; max-width: 430px; padding: 10px 24px; border-radius: 0; font-size: 20px; font-weight: bold; letter-spacing: .6px; text-transform: uppercase; margin: 38px 0 16px;\">GU\u00cdAS EN PDF<\/h2>\n<p>Si prefer\u00eds tenerlos a mano o imprimirlos:<\/p>\n<\/div><div ><a class=\"fusion-button button-flat fusion-button-default-size button-default fusion-button-default button-3 fusion-button-default-span fusion-button-default-type\" style=\"--awb-margin-top:0px;--awb-margin-right:15px;--awb-margin-bottom:15px;--awb-margin-left:0px;\" target=\"_blank\" rel=\"noopener noreferrer\" href=\"https:\/\/froca.cat\/wp-content\/uploads\/2026\/09\/instructiu-alta-app-froca.pdf\"><i class=\"fa-file-pdf fas awb-button__icon awb-button__icon--default button-icon-left\" aria-hidden=\"true\"><\/i><span class=\"fusion-button-text awb-button__text awb-button__text--default\">Gu\u00eda: dar de alta a los alumnos (PDF)<\/span><\/a><\/div><div ><a class=\"fusion-button button-flat fusion-button-default-size button-default fusion-button-default button-4 fusion-button-default-span fusion-button-default-type\" style=\"--awb-margin-top:0px;--awb-margin-right:15px;--awb-margin-bottom:15px;--awb-margin-left:0px;\" target=\"_blank\" rel=\"noopener noreferrer\" href=\"https:\/\/froca.cat\/wp-content\/uploads\/2026\/09\/instructiu-us-esporadic-menjador.pdf\"><i class=\"fa-file-pdf fas awb-button__icon awb-button__icon--default button-icon-left\" aria-hidden=\"true\"><\/i><span class=\"fusion-button-text awb-button__text awb-button__text--default\">Gu\u00eda: tiquets espor\u00e1dicos (PDF)<\/span><\/a><\/div><div class=\"fusion-separator fusion-full-width-sep\" style=\"align-self: center;margin-left: auto;margin-right: auto;margin-bottom:30px;width:100%;\"><\/div><\/div><\/div><\/div><\/div><\/div><\/div><\/div><div class=\"fusion-fullwidth fullwidth-box fusion-builder-row-2 fusion-flex-container has-pattern-background has-mask-background nonhundred-percent-fullwidth non-hundred-percent-height-scrolling fusion-no-medium-visibility fusion-no-large-visibility\" style=\"--awb-border-radius-top-left:0px;--awb-border-radius-top-right:0px;--awb-border-radius-bottom-right:0px;--awb-border-radius-bottom-left:0px;--awb-padding-top:0px;--awb-padding-right:0px;--awb-padding-bottom:0px;--awb-padding-left:0px;--awb-margin-top:50px;--awb-margin-bottom:0px;--awb-background-color:rgba(219,219,219,0.99);--awb-flex-wrap:wrap;\" ><div class=\"fusion-builder-row fusion-row fusion-flex-align-items-flex-start fusion-flex-content-wrap\" style=\"max-width:1456px;margin-left: calc(-4% \/ 2 );margin-right: calc(-4% \/ 2 );\"><div class=\"fusion-layout-column fusion_builder_column fusion-builder-column-1 fusion_builder_column_1_1 1_1 fusion-flex-column\" style=\"--awb-padding-top:5%;--awb-padding-right:5%;--awb-padding-bottom:5%;--awb-padding-left:5%;--awb-bg-color:#ffffff;--awb-bg-color-hover:#ffffff;--awb-bg-size:cover;--awb-width-large:100%;--awb-margin-top-large:0px;--awb-spacing-right-large:1.92%;--awb-margin-bottom-large:0px;--awb-spacing-left-large:1.92%;--awb-width-medium:100%;--awb-spacing-right-medium:1.92%;--awb-spacing-left-medium:1.92%;--awb-width-small:100%;--awb-spacing-right-small:1.92%;--awb-spacing-left-small:1.92%;\"><div class=\"fusion-column-wrapper fusion-column-has-shadow fusion-flex-justify-content-flex-start fusion-content-layout-column\"><div class=\"fusion-builder-row fusion-builder-row-inner fusion-row fusion-flex-align-items-flex-start fusion-flex-content-wrap\" style=\"--awb-flex-grow:0;--awb-flex-grow-medium:0;--awb-flex-grow-small:0;--awb-flex-shrink:0;--awb-flex-shrink-medium:0;--awb-flex-shrink-small:0;width:104% !important;max-width:104% !important;margin-left: calc(-4% \/ 2 );margin-right: calc(-4% \/ 2 );\"><div class=\"fusion-layout-column fusion_builder_column_inner fusion-builder-nested-column-1 fusion_builder_column_inner_1_1 1_1 fusion-flex-column\" style=\"--awb-bg-size:cover;--awb-width-large:100%;--awb-margin-top-large:0px;--awb-spacing-right-large:1.92%;--awb-margin-bottom-large:20px;--awb-spacing-left-large:1.92%;--awb-width-medium:100%;--awb-spacing-right-medium:1.92%;--awb-spacing-left-medium:1.92%;--awb-width-small:100%;--awb-spacing-right-small:1.92%;--awb-spacing-left-small:1.92%;\"><div class=\"fusion-column-wrapper fusion-column-has-shadow fusion-flex-justify-content-flex-start fusion-content-layout-column\"><div class=\"fusion-title title fusion-title-2 fusion-sep-none fusion-title-text fusion-title-size-one\" style=\"--awb-text-color:#d81b5b;--awb-margin-top-small:10px;--awb-margin-bottom-small:10px;--awb-font-size:36px;\"><h1 class=\"fusion-title-heading title-heading-left fusion-responsive-typography-calculated\" style=\"margin:0;font-size:1em;--fontSize:36;line-height:1.2;\">Inscripciones comedor curso 26-27<\/h1><\/div><div class=\"fusion-separator fusion-full-width-sep\" style=\"align-self: center;margin-left: auto;margin-right: auto;margin-bottom:10px;width:100%;\"><\/div><div class=\"fusion-text fusion-text-3\" id=\"nosaltres\"><p><strong>Estimadas familias,<\/strong><\/p>\n<p>\u00a1Os damos la bienvenida al curso 26-27!<\/p>\n<p>Este a\u00f1o las inscripciones al comedor se har\u00e1n mediante la <strong>APP FROCA<\/strong>. La pod\u00e9is descargar desde el m\u00f3vil o tableta en el App Store (iPhone) o en la Play Store (Android). A continuaci\u00f3n os dejamos la gu\u00eda, paso a paso, para dar de alta a vuestros hijos\/as y para el uso espor\u00e1dico del servicio.<\/p>\n<p>Las inscripciones al servicio de acogida las har\u00e1n directamente los coordinadores\/as.<\/p>\n<p>Para cualquier duda, contactad con la Rossy en <a style=\"color: #d81b5b;\" href=\"mailto:espaifamilies@froca.cat\">espaifamilies@froca.cat<\/a><\/p>\n<p>Gracias por vuestra confianza y por acompa\u00f1arnos, un curso m\u00e1s, en el d\u00eda a d\u00eda de vuestros hijos e hijas.<\/p>\n<p>Un abrazo y muchas gracias por vuestra colaboraci\u00f3n.<\/p>\n<p><strong>Equipo F.Roca<\/strong><\/p>\n<h2 style=\"background: #6ac5d8; color: #ffffff; display: block; clear: both; max-width: 430px; padding: 10px 24px; border-radius: 0; font-size: 20px; font-weight: bold; letter-spacing: .6px; text-transform: uppercase; margin: 38px 0 16px;\">PASO 1 \u00b7 DESCARGA LA APP<\/h2>\n<p><img class=\"lazyload\" decoding=\"async\" style=\"float: right; width: 110px; max-width: 45%; height: auto; margin: 0 0 18px 26px;\" src=\"data:image\/gif;base64,R0lGODlhAQABAAAAACH5BAEKAAEALAAAAAABAAEAAAICTAEAOw==\" data-orig-src=\"https:\/\/froca.cat\/wp-content\/uploads\/2026\/09\/app-icono.png\" alt=\"\" \/><\/p>\n<p style=\"font-size: 17px;\">Busca <strong>\u201cFROCA\u201d<\/strong> en el App Store (iPhone) o en la Play Store (Android) y desc\u00e1rgala \u2014 o utiliza estos botones:<\/p>\n<\/div><div ><a class=\"fusion-button button-flat fusion-button-default-size button-default fusion-button-default button-5 fusion-button-default-span fusion-button-default-type\" style=\"--awb-margin-top:0px;--awb-margin-right:15px;--awb-margin-bottom:15px;--awb-margin-left:0px;\" target=\"_blank\" rel=\"noopener noreferrer\" href=\"https:\/\/apps.apple.com\/es\/app\/froca\/id6786238605\"><span class=\"fusion-button-text awb-button__text awb-button__text--default\">Descarga la APP (App Store \u00b7 iPhone)<\/span><\/a><\/div><div ><a class=\"fusion-button button-flat fusion-button-default-size button-default fusion-button-default button-6 fusion-button-default-span fusion-button-default-type\" style=\"--awb-margin-top:0px;--awb-margin-right:15px;--awb-margin-bottom:15px;--awb-margin-left:0px;\" target=\"_blank\" rel=\"noopener noreferrer\" href=\"https:\/\/play.google.com\/store\/apps\/details?id=com.froca\"><span class=\"fusion-button-text awb-button__text awb-button__text--default\">Descarga la APP (Play Store \u00b7 Android)<\/span><\/a><\/div><div class=\"fusion-text fusion-text-4\"><h2 style=\"background: #6ac5d8; color: #ffffff; display: block; clear: both; max-width: 430px; padding: 10px 24px; border-radius: 0; font-size: 20px; font-weight: bold; letter-spacing: .6px; text-transform: uppercase; margin: 38px 0 16px;\">PASO 2 \u00b7 DA DE ALTA AL ALUMNO<\/h2>\n<p><img class=\"lazyload\" decoding=\"async\" style=\"float: right; width: 250px; max-width: 45%; height: auto; margin: 0 0 18px 26px;\" src=\"data:image\/gif;base64,R0lGODlhAQABAAAAACH5BAEKAAEALAAAAAABAAEAAAICTAEAOw==\" data-orig-src=\"https:\/\/froca.cat\/wp-content\/uploads\/2026\/09\/app-alta.png\" alt=\"\" \/><\/p>\n<p>Abrid la app y pulsad sobre <strong>\u201csolicitud de alta\u201d<\/strong>, introducid vuestro correo electr\u00f3nico y recibir\u00e9is un correo para verificarlo y poder continuar con el alta.<\/p>\n<p><strong>Rellenad los \u00edtems que ver\u00e9is en la pantalla:<\/strong><\/p>\n<ul>\n<li><strong>Datos del tutor\/a<\/strong> y <strong>datos del alumno<\/strong>.<\/li>\n<li><strong>Comedor:<\/strong> si vuestro hijo\/a har\u00e1 uso habitual (3, 4 o 5 d\u00edas), deb\u00e9is especificar qu\u00e9 d\u00edas fijos semanales se quedar\u00e1 en el comedor. Tambi\u00e9n seleccionad si quer\u00e9is contratar el servicio de p\u00edcnic.<\/li>\n<li><strong>Acogida:<\/strong> pulsad solo si quer\u00e9is comunicar que har\u00e9is uso del servicio.<\/li>\n<li><strong>Informaci\u00f3n del pago:<\/strong> domiciliaci\u00f3n bancaria.<\/li>\n<li><strong>Normativa:<\/strong> ver la normativa.<\/li>\n<li><strong>Autorizaciones:<\/strong> pulsad \u201cs\u00ed\u201d o \u201cno\u201d.<\/li>\n<li>Pulsad <strong>\u201cenviar solicitud\u201d<\/strong>.<\/li>\n<\/ul>\n<p>Deb\u00e9is esperar a que coordinaci\u00f3n acepte vuestra inscripci\u00f3n. Una vez aceptada, recibir\u00e9is un correo con el <strong>usuario y contrase\u00f1a<\/strong> para acceder a la app.<\/p>\n<p><strong>Registrar un hermano:<\/strong> encontrad la opci\u00f3n \u201cherramientas\u201d en el inicio de la app y pulsad \u201calumnos registrados\u201d; ver\u00e9is un bot\u00f3n que se llama \u201cregistrar nuevo alumno\u201d, donde podr\u00e9is registrar al nuevo hermano rellenando los datos solicitados.<\/p>\n<p><strong>Consulta de datos:<\/strong> en la pantalla de inicio, pulsad \u201cherramientas\u201d y podr\u00e9is consultar los datos del tutor y los datos bancarios registrados. Tambi\u00e9n podr\u00e9is hacer el cambio de contrase\u00f1a.<\/p>\n<h2 style=\"background: #6ac5d8; color: #ffffff; display: block; clear: both; max-width: 430px; padding: 10px 24px; border-radius: 0; font-size: 20px; font-weight: bold; letter-spacing: .6px; text-transform: uppercase; margin: 38px 0 16px;\">PASO 3 \u00b7 USO ESPOR\u00c1DICO Y TIQUETS<\/h2>\n<p><img class=\"lazyload\" decoding=\"async\" style=\"float: right; width: 250px; max-width: 45%; height: auto; margin: 0 0 18px 26px;\" src=\"data:image\/gif;base64,R0lGODlhAQABAAAAACH5BAEKAAEALAAAAAABAAEAAAICTAEAOw==\" data-orig-src=\"https:\/\/froca.cat\/wp-content\/uploads\/2026\/09\/app-contractar.png\" alt=\"\" \/><\/p>\n<p>Es indispensable haber dado de alta al alumno en la app (PASO 2).<\/p>\n<ul>\n<li><strong>Acceso:<\/strong> entrad con usuario (DNI) y contrase\u00f1a.<\/li>\n<li><strong>Contratar el uso:<\/strong> abrid la app, pulsad \u201cmen\u00fa\u201d y despu\u00e9s \u201ccontratar uso\u201d; ver\u00e9is una pesta\u00f1a que dice \u201creservar\u201d y seleccionad los d\u00edas.<\/li>\n<li><strong>Pago<\/strong> \u2014 ten\u00e9is dos opciones: <strong>con tarjeta<\/strong> (en el mismo momento) o <strong>domiciliaci\u00f3n<\/strong> (se factura a final de mes).<\/li>\n<\/ul>\n<p><img class=\"lazyload\" decoding=\"async\" style=\"float: right; width: 250px; max-width: 45%; height: auto; margin: 0 0 18px 26px;\" src=\"data:image\/gif;base64,R0lGODlhAQABAAAAACH5BAEKAAEALAAAAAABAAEAAAICTAEAOw==\" data-orig-src=\"https:\/\/froca.cat\/wp-content\/uploads\/2026\/09\/app-faltes.png\" alt=\"\" \/><\/p>\n<p><strong>Ausencias:<\/strong><\/p>\n<ul>\n<li>Si hab\u00e9is reservado un d\u00eda y finalmente no har\u00e9is uso del servicio, deb\u00e9is entrar en el men\u00fa y seleccionar la opci\u00f3n \u201cFaltas\u201d y pulsar donde dice \u201casiste\u201d para que cambie a \u201cno asiste\u201d. Se debe notificar <strong>antes de las 10:00 del mismo d\u00eda<\/strong>.<\/li>\n<li>Si hab\u00e9is hecho el pago con tarjeta, el tiquet os quedar\u00e1 en positivo y, cuando quer\u00e1is hacer uso de este, deb\u00e9is avisar a coordinaci\u00f3n para que lo gestione.<\/li>\n<li>Si hab\u00e9is seleccionado \u201cdomiciliaci\u00f3n\u201d, no se cobrar\u00e1 el d\u00eda en el recibo.<\/li>\n<\/ul>\n<h2 style=\"background: #6ac5d8; color: #ffffff; display: block; clear: both; max-width: 430px; padding: 10px 24px; border-radius: 0; font-size: 20px; font-weight: bold; letter-spacing: .6px; text-transform: uppercase; margin: 38px 0 16px;\">A TENER EN CUENTA<\/h2>\n<ul>\n<li>Si vuestro hijo hace uso del comedor <strong>1 o 2 d\u00edas por semana<\/strong> se considera <strong>espor\u00e1dico<\/strong>; por tanto, tendr\u00e9is tarifa de espor\u00e1dico y deb\u00e9is notificar al inicio de cada mes los d\u00edas que har\u00e1 uso.<\/li>\n<li>Para la <strong>acogida<\/strong> (alta o uso espor\u00e1dico), deb\u00e9is comunicaros con el\/la coordinador\/a para que lo gestione.<\/li>\n<li>Los alumnos <strong>con deuda<\/strong> no pueden hacer uso del servicio, sea espor\u00e1dico o habitual. En todo caso, deb\u00e9is comunicaros por correo electr\u00f3nico a <a style=\"color: #d81b5b;\" href=\"mailto:espaifamilies@froca.cat\">espaifamilies@froca.cat<\/a> para hacer el pago.<\/li>\n<li>Si sois <strong>padres separados con custodia compartida<\/strong>, los dos padres deb\u00e9is hacer una inscripci\u00f3n si quer\u00e9is separar los cobros.<\/li>\n<li>Si hab\u00e9is solicitado <strong>beca del comedor<\/strong> y al inicio de curso todav\u00eda no la ten\u00e9is aprobada, deb\u00e9is haceros cargo de los pagos hasta que nos llegue la confirmaci\u00f3n de la aprobaci\u00f3n.<\/li>\n<\/ul>\n<h2 style=\"background: #6ac5d8; color: #ffffff; display: block; clear: both; max-width: 430px; padding: 10px 24px; border-radius: 0; font-size: 20px; font-weight: bold; letter-spacing: .6px; text-transform: uppercase; margin: 38px 0 16px;\">GU\u00cdAS EN PDF<\/h2>\n<p>Si prefer\u00eds tenerlos a mano o imprimirlos:<\/p>\n<\/div><div ><a class=\"fusion-button button-flat fusion-button-default-size button-default fusion-button-default button-7 fusion-button-default-span fusion-button-default-type\" style=\"--awb-margin-top:0px;--awb-margin-right:15px;--awb-margin-bottom:15px;--awb-margin-left:0px;\" target=\"_blank\" rel=\"noopener noreferrer\" href=\"https:\/\/froca.cat\/wp-content\/uploads\/2026\/09\/instructiu-alta-app-froca.pdf\"><i class=\"fa-file-pdf fas awb-button__icon awb-button__icon--default button-icon-left\" aria-hidden=\"true\"><\/i><span class=\"fusion-button-text awb-button__text awb-button__text--default\">Gu\u00eda: dar de alta a los alumnos (PDF)<\/span><\/a><\/div><div ><a class=\"fusion-button button-flat fusion-button-default-size button-default fusion-button-default button-8 fusion-button-default-span fusion-button-default-type\" style=\"--awb-margin-top:0px;--awb-margin-right:15px;--awb-margin-bottom:15px;--awb-margin-left:0px;\" target=\"_blank\" rel=\"noopener noreferrer\" href=\"https:\/\/froca.cat\/wp-content\/uploads\/2026\/09\/instructiu-us-esporadic-menjador.pdf\"><i class=\"fa-file-pdf fas awb-button__icon awb-button__icon--default button-icon-left\" aria-hidden=\"true\"><\/i><span class=\"fusion-button-text awb-button__text awb-button__text--default\">Gu\u00eda: tiquets espor\u00e1dicos (PDF)<\/span><\/a><\/div><div class=\"fusion-separator fusion-full-width-sep\" style=\"align-self: center;margin-left: auto;margin-right: auto;margin-bottom:30px;width:100%;\"><\/div><\/div><\/div><\/div><\/div><\/div><\/div><\/div><\/p>\n","protected":false},"excerpt":{"rendered":"","protected":false},"author":1,"featured_media":0,"parent":0,"menu_order":0,"comment_status":"closed","ping_status":"closed","template":"100-width.php","meta":{"footnotes":""},"class_list":["post-95688","page","type-page","status-publish","hentry"],"_links":{"self":[{"href":"https:\/\/froca.cat\/es\/wp-json\/wp\/v2\/pages\/95688","targetHints":{"allow":["GET"]}}],"collection":[{"href":"https:\/\/froca.cat\/es\/wp-json\/wp\/v2\/pages"}],"about":[{"href":"https:\/\/froca.cat\/es\/wp-json\/wp\/v2\/types\/page"}],"author":[{"embeddable":true,"href":"https:\/\/froca.cat\/es\/wp-json\/wp\/v2\/users\/1"}],"replies":[{"embeddable":true,"href":"https:\/\/froca.cat\/es\/wp-json\/wp\/v2\/comments?post=95688"}],"version-history":[{"count":3,"href":"https:\/\/froca.cat\/es\/wp-json\/wp\/v2\/pages\/95688\/revisions"}],"predecessor-version":[{"id":95702,"href":"https:\/\/froca.cat\/es\/wp-json\/wp\/v2\/pages\/95688\/revisions\/95702"}],"wp:attachment":[{"href":"https:\/\/froca.cat\/es\/wp-json\/wp\/v2\/media?parent=95688"}],"curies":[{"name":"wp","href":"https:\/\/api.w.org\/{rel}","templated":true}]}}